{"id":37229,"date":"2023-11-29T17:53:20","date_gmt":"2023-11-29T16:53:20","guid":{"rendered":"https:\/\/fk2kn2bvmtl.preview.infomaniak.website\/declaration-sur-la-protection-des-donnees\/"},"modified":"2023-11-30T13:42:06","modified_gmt":"2023-11-30T12:42:06","slug":"datenschutzerklarung","status":"publish","type":"page","link":"https:\/\/cerebral-vs.ch\/de\/datenschutzerklarung\/","title":{"rendered":"Datenschutzerkl\u00e4rung"},"content":{"rendered":"\t\t<div data-elementor-type=\"wp-page\" data-elementor-id=\"37229\" class=\"elementor elementor-37229 elementor-37220\">\n\t\t\t\t\t\t<section class=\"elementor-section elementor-top-section elementor-element elementor-element-4a23e698 elementor-section-boxed elementor-section-height-default elementor-section-height-default sc_fly_static\" data-id=\"4a23e698\" data-element_type=\"section\" data-e-type=\"section\">\n\t\t\t\t\t\t<div class=\"elementor-container elementor-column-gap-extended\">\n\t\t\t\t\t<div class=\"elementor-column elementor-col-100 elementor-top-column elementor-element elementor-element-39a555af sc_content_align_inherit sc_layouts_column_icons_position_left sc_fly_static\" data-id=\"39a555af\" data-element_type=\"column\" data-e-type=\"column\">\n\t\t\t<div class=\"elementor-widget-wrap elementor-element-populated\">\n\t\t\t\t\t\t<div class=\"elementor-element elementor-element-c0507a6 sc_fly_static elementor-widget elementor-widget-spacer\" data-id=\"c0507a6\" data-element_type=\"widget\" data-e-type=\"widget\" data-widget_type=\"spacer.default\">\n\t\t\t\t<div class=\"elementor-widget-container\">\n\t\t\t\t\t\t\t<div class=\"elementor-spacer\">\n\t\t\t<div class=\"elementor-spacer-inner\"><\/div>\n\t\t<\/div>\n\t\t\t\t\t\t<\/div>\n\t\t\t\t<\/div>\n\t\t\t\t\t<\/div>\n\t\t<\/div>\n\t\t\t\t\t<\/div>\n\t\t<\/section>\n\t\t\t\t<section class=\"elementor-section elementor-top-section elementor-element elementor-element-3e96e5f6 elementor-section-boxed elementor-section-height-default elementor-section-height-default sc_fly_static\" data-id=\"3e96e5f6\" data-element_type=\"section\" data-e-type=\"section\" data-settings=\"{&quot;background_background&quot;:&quot;classic&quot;}\">\n\t\t\t\t\t\t<div class=\"elementor-container elementor-column-gap-extended\">\n\t\t\t\t\t<div class=\"elementor-column elementor-col-100 elementor-top-column elementor-element elementor-element-60356977 sc_content_align_inherit sc_layouts_column_icons_position_left sc_fly_static\" data-id=\"60356977\" data-element_type=\"column\" data-e-type=\"column\">\n\t\t\t<div class=\"elementor-widget-wrap elementor-element-populated\">\n\t\t\t\t\t\t<div class=\"elementor-element elementor-element-16a56797 sc_fly_static elementor-widget elementor-widget-spacer\" data-id=\"16a56797\" data-element_type=\"widget\" data-e-type=\"widget\" data-widget_type=\"spacer.default\">\n\t\t\t\t<div class=\"elementor-widget-container\">\n\t\t\t\t\t\t\t<div class=\"elementor-spacer\">\n\t\t\t<div class=\"elementor-spacer-inner\"><\/div>\n\t\t<\/div>\n\t\t\t\t\t\t<\/div>\n\t\t\t\t<\/div>\n\t\t\t\t<div class=\"elementor-element elementor-element-568a246f sc_fly_static elementor-widget elementor-widget-heading\" data-id=\"568a246f\" data-element_type=\"widget\" data-e-type=\"widget\" data-widget_type=\"heading.default\">\n\t\t\t\t<div class=\"elementor-widget-container\">\n\t\t\t\t\t<h1 class=\"elementor-heading-title elementor-size-default\">Datenschutzerkl\u00e4rung<\/h1>\t\t\t\t<\/div>\n\t\t\t\t<\/div>\n\t\t\t\t<div class=\"elementor-element elementor-element-34c0617c sc_fly_static elementor-widget elementor-widget-spacer\" data-id=\"34c0617c\" data-element_type=\"widget\" data-e-type=\"widget\" data-widget_type=\"spacer.default\">\n\t\t\t\t<div class=\"elementor-widget-container\">\n\t\t\t\t\t\t\t<div class=\"elementor-spacer\">\n\t\t\t<div class=\"elementor-spacer-inner\"><\/div>\n\t\t<\/div>\n\t\t\t\t\t\t<\/div>\n\t\t\t\t<\/div>\n\t\t\t\t\t<\/div>\n\t\t<\/div>\n\t\t\t\t\t<\/div>\n\t\t<\/section>\n\t\t\t\t<section class=\"elementor-section elementor-top-section elementor-element elementor-element-525d06d9 elementor-section-boxed elementor-section-height-default elementor-section-height-default sc_fly_static\" data-id=\"525d06d9\" data-element_type=\"section\" data-e-type=\"section\" data-settings=\"{&quot;background_background&quot;:&quot;classic&quot;}\">\n\t\t\t\t\t\t<div class=\"elementor-container elementor-column-gap-extended\">\n\t\t\t\t\t<div class=\"elementor-column elementor-col-100 elementor-top-column elementor-element elementor-element-178b53d0 sc_content_align_inherit sc_layouts_column_icons_position_left sc_fly_static\" data-id=\"178b53d0\" data-element_type=\"column\" data-e-type=\"column\">\n\t\t\t<div class=\"elementor-widget-wrap elementor-element-populated\">\n\t\t\t\t\t\t<div class=\"elementor-element elementor-element-55b19434 sc_fly_static elementor-widget elementor-widget-spacer\" data-id=\"55b19434\" data-element_type=\"widget\" data-e-type=\"widget\" data-widget_type=\"spacer.default\">\n\t\t\t\t<div class=\"elementor-widget-container\">\n\t\t\t\t\t\t\t<div class=\"elementor-spacer\">\n\t\t\t<div class=\"elementor-spacer-inner\"><\/div>\n\t\t<\/div>\n\t\t\t\t\t\t<\/div>\n\t\t\t\t<\/div>\n\t\t\t\t\t<\/div>\n\t\t<\/div>\n\t\t\t\t\t<\/div>\n\t\t<\/section>\n\t\t\t\t<section class=\"elementor-section elementor-top-section elementor-element elementor-element-72846cb elementor-section-boxed elementor-section-height-default elementor-section-height-default sc_fly_static\" data-id=\"72846cb\" data-element_type=\"section\" data-e-type=\"section\">\n\t\t\t\t\t\t<div class=\"elementor-container elementor-column-gap-extended\">\n\t\t\t\t\t<div class=\"elementor-column elementor-col-100 elementor-top-column elementor-element elementor-element-2cc983a sc_content_align_inherit sc_layouts_column_icons_position_left sc_fly_static\" data-id=\"2cc983a\" data-element_type=\"column\" data-e-type=\"column\">\n\t\t\t<div class=\"elementor-widget-wrap\">\n\t\t\t\t\t\t\t<\/div>\n\t\t<\/div>\n\t\t\t\t\t<\/div>\n\t\t<\/section>\n\t\t\t\t<section class=\"elementor-section-with-custom-width elementor-section elementor-top-section elementor-element elementor-element-6d89f925 elementor-section-boxed elementor-section-height-default elementor-section-height-default sc_fly_static\" data-id=\"6d89f925\" data-element_type=\"section\" data-e-type=\"section\">\n\t\t\t\t\t\t<div class=\"elementor-container elementor-column-gap-extended\">\n\t\t\t\t\t<div class=\"elementor-column elementor-col-100 elementor-top-column elementor-element elementor-element-117c3d93 sc_content_align_inherit sc_layouts_column_icons_position_left sc_fly_static\" data-id=\"117c3d93\" data-element_type=\"column\" data-e-type=\"column\">\n\t\t\t<div class=\"elementor-widget-wrap elementor-element-populated\">\n\t\t\t\t\t\t<div class=\"elementor-element elementor-element-6dadf2b8 sc_fly_static elementor-widget elementor-widget-spacer\" data-id=\"6dadf2b8\" data-element_type=\"widget\" data-e-type=\"widget\" data-widget_type=\"spacer.default\">\n\t\t\t\t<div class=\"elementor-widget-container\">\n\t\t\t\t\t\t\t<div class=\"elementor-spacer\">\n\t\t\t<div class=\"elementor-spacer-inner\"><\/div>\n\t\t<\/div>\n\t\t\t\t\t\t<\/div>\n\t\t\t\t<\/div>\n\t\t\t\t<div class=\"elementor-element elementor-element-5072bb7 sc_fly_static elementor-widget elementor-widget-text-editor\" data-id=\"5072bb7\" data-element_type=\"widget\" data-e-type=\"widget\" data-widget_type=\"text-editor.default\">\n\t\t\t\t<div class=\"elementor-widget-container\">\n\t\t\t\t\t\t\t\t\t<p>Der Schutz Ihrer Daten ist uns wichtig. Wir bearbeiten Daten in \u00dcbereinstimmung mit dem geltenden Datenschutzrecht und nehmen angemessene Sicherheitsmassenahmen vor, um Ihre Daten vor unbefugtem Zugriff zu sch\u00fctzen.<\/p><p>In dieser Datenschutzerkl\u00e4rung informieren wir Sie dar\u00fcber, welche Personendaten wir erheben, wozu wir diese bearbeiten und verwenden, ob und zu welchem Zweck wir diese weitergeben und welches Ihre Rechte im Zusammenhang mit Ihren Personendaten sind.<\/p><p><strong>1) Wer ist f\u00fcr die Bearbeitung Ihrer Daten verantwortlich?<\/strong><\/p><p>Association Cerebral Valais<br \/><span style=\"font-size: 17px; background-color: var(--theme-color-bg_color); color: var(--theme-color-text); letter-spacing: 0.1px;\">Avenue de Tourbillon 9<br \/><\/span><span style=\"font-size: 17px; background-color: var(--theme-color-bg_color); color: var(--theme-color-text); letter-spacing: 0.1px;\">1950 Sion<br \/><\/span><span style=\"font-size: 17px; background-color: var(--theme-color-bg_color); letter-spacing: 0.1px;\">Tel: +41 27 346 70 44<br \/><\/span><a style=\"font-size: 17px;letter-spacing: 0.1px\" href=\"javascript:__wpsk_HwfmtXVz('\\u003e\\u0032\\u003a\\u003d\\u0045\\u0040\\u0069\\u003a\\u003f\\u0037\\u0040\\u006f\\u0034\\u0036\\u0043\\u0036\\u0033\\u0043\\u0032\\u003d\\u005c\\u0047\\u0044\\u005d\\u0034\\u0039');\"><span class=\"__wpsk_eISixTCl\">hc&#x2e;sv-larberec&#064;ofni<\/span><\/a><\/p><p>F\u00fcr Fragen betreffend Datenschutz stehen wir Ihnen per E-Mail sehr gerne zur Verf\u00fcgung.<\/p><p><strong>2) Datenbearbeitung<\/strong><\/p><p>Alle \u00fcber diese Webseite erhobenen Personendaten bearbeiten wir in \u00dcbereinstimmung mit dem schweizerischen Datenschutzgesetz und zu den in dieser Datenschutzerkl\u00e4rung angegebenen Zwecken. Werden Personendaten zu einem anderen Zweck bearbeitet, so teilen wir Ihnen im Zeitpunkt der Erhebung der Daten mit, zu welchem Zweck wir diese bearbeiten.<\/p><p><strong>3) Bearbeitung von Personendaten und Zweck der Bearbeitung<\/strong><\/p><p><strong>3.1) Welche Daten werden mit der Nutzung unserer Webseiten automatisch \u00fcbermittelt?<\/strong><\/p><p><u>Cookies:<\/u><\/p><p>Unsere Webseiten verwenden Cookies. Dabei handelt es sich um kleine Dateien, die auf Ihren Computer heruntergeladen werden.<\/p><p>Funktionale Cookies erm\u00f6glichen die reibungslose und sichere Funktion der Webseite.<\/p><p>Tracking-Cookies zeichnen Informationen auf betreffend das Nutzerverhalten auf unseren Webseiten. So erfahren wir beispielsweise, welche unserer Webseiten die Besucher am h\u00e4ufigsten besuchen und wie lange sie auf der jeweiligen Webseite verweilen.<\/p><p>Durch die Einstellung Ihres Browsers k\u00f6nnen Sie Cookies deaktivieren oder sich benachrichtigen lassen, wenn Cookies auf Ihren Computer heruntergeladen werden sollen. Die Deaktivierung aller Cookies kann dazu f\u00fchren, dass Sie nicht alle Funktionen unserer Webseiten ordnungsgem\u00e4ss nutzen k\u00f6nnen. Eine Liste aller Cookies erhalten Sie auf Anfrage unter <a href=\"javascript:__wpsk_HwfmtXVz('\\u003e\\u0032\\u003a\\u003d\\u0045\\u0040\\u0069\\u003a\\u003f\\u0037\\u0040\\u006f\\u0034\\u0036\\u0043\\u0036\\u0033\\u0043\\u0032\\u003d\\u005c\\u0047\\u0044\\u005d\\u0034\\u0039');\"><span class=\"__wpsk_eISixTCl\">hc&#x2e;sv-larberec&#064;ofni<\/span><\/a>.<\/p><p>F\u00fcr weitere Informationen \u00fcber Cookies und deren Verwaltung empfehlen wir Ihnen die Website <a href=\"http:\/\/www.youronlinechoices.com\" target=\"_blank\" rel=\"noopener\">www.youronlinechoices.com<\/a> die von der European Interactive Digital Advertising Alliance (EDAA) entwickelt wurde.<\/p><p>Wir nutzen derzeit die Angebote folgender Drittanbieter, die ihrerseits Cookies einsetzen k\u00f6nnen:<\/p><p><u>Google Analytics<\/u><\/p><p>Anbieter: Google Ireland<br \/><span style=\"font-size: 17px; background-color: var(--theme-color-bg_color); color: var(--theme-color-text); letter-spacing: 0.1px;\">Datenschutzhinweise: <\/span><a style=\"font-size: 17px; letter-spacing: 0.1px;\" href=\"https:\/\/support.google.com\/analytics\/answer\/6004245\" target=\"_blank\" rel=\"noopener\">https:\/\/support.google.com\/analytics\/answer\/6004245<\/a><br \/><span style=\"font-size: 17px; background-color: var(--theme-color-bg_color); color: var(--theme-color-text); letter-spacing: 0.1px;\">Informationen f\u00fcr Google-Konten: <\/span><a style=\"font-size: 17px; letter-spacing: 0.1px;\" href=\"https:\/\/policies.google.com\/technologies\/partner-sites?hl=fr\" target=\"_blank\" rel=\"noopener\">https:\/\/policies.google.com\/technologies\/partner-sites?hl=fr<\/a><\/p><p><u>Google maps<\/u><\/p><p>Wir verwenden auf unseren Webseiten f\u00fcr die Online-Karten Google Maps.<br \/><span style=\"font-size: 17px; background-color: var(--theme-color-bg_color); color: var(--theme-color-text); letter-spacing: 0.1px;\">Anbieter: Google Ireland<br \/><\/span><span style=\"font-size: 17px; background-color: var(--theme-color-bg_color); color: var(--theme-color-text); letter-spacing: 0.1px;\">Datenschutzhinweise: <\/span><a style=\"font-size: 17px; letter-spacing: 0.1px;\" href=\"https:\/\/policies.google.com\/privacy\" target=\"_blank\" rel=\"noopener\">https:\/\/policies.google.com\/privacy<\/a><\/p><p><u>Vimeo<\/u><\/p><p>Wir verwenden Vimeo auf unserer Website, um Videos anzuzeigen.<br \/><span style=\"font-size: 17px; background-color: var(--theme-color-bg_color); color: var(--theme-color-text); letter-spacing: 0.1px;\">Anbieter: Vimeo.com, Inc.<br \/><\/span><span style=\"font-size: 17px; background-color: var(--theme-color-bg_color); color: var(--theme-color-text); letter-spacing: 0.1px;\">Avis de confidentialit\u00e9: <a href=\"https:\/\/vimeo.com\/privacy\" target=\"_blank\" rel=\"noopener\">https:\/\/vimeo.com\/privacy<\/a><\/span><\/p><p><strong>3.2) Was passiert mit Personendaten, die der Nutzer selbst an uns \u00fcbermittelt?<\/strong><\/p><p><u>Kontaktformular, Anmeldeformular, E-Mail, Telefon, etc.<\/u><\/p><p>Die Association Cerebral Valais erhebt und bearbeitet Personendaten, die der Nutzer freiwillig mittels Online-Formular direkt auf dem Portal, \u00fcber unsere E-Mailadresse, telefonisch oder auf andere Art und Weise an die Association Cerebral Valais \u00fcbermittelt. Diese Informationen umfassen beispielsweise Namen, Vornamen, Postadressen, E-Mailadressen, Telefonnummern, Geburtsdatum, Geschlecht, Behinderungsart, Assistenzbedarf, gesundheitliche Angaben, Anliegen etc.<\/p><p>Diese Personendaten werden ausdr\u00fccklich freiwillig an uns \u00fcbermittelt. Diese Personendaten erm\u00f6glichen es uns, die vom Nutzer angeforderten Dienstleistungen zu erbringen.<\/p><p>Die Association Cerebral Valais verwendet diese Personendaten insbesondere zu folgenden Zwecken:<\/p><ul><li>Um die angebotenen Dienstleistungen und Informationen bed\u00fcrfnisgerecht zu erbringen und zu optimieren;<\/li><li>Um mit Ihnen zu kommunizieren und Ihnen die bestm\u00f6glichen, personalisierten Informationen und Dienstleistungen zur Verf\u00fcgung zu stellen, die Sie von uns ben\u00f6tigen;<\/li><li>um Ihnen neue Dienste und Informationen anzubieten;<\/li><li>zur Einhaltung gesetzlicher oder anderer regulatorischer Anforderungen und interner Vorschriften;<\/li><li>f\u00fcr andere rechtm\u00e4ssige Zwecke, wenn sich diese Verarbeitung aus den Umst\u00e4nden ergibt oder zum Zeitpunkt der Erhebung angegeben wurde.<\/li><\/ul><p>Verfassen Sie auf einer unserer Webseiten einen Kommentar, so wird dieser grunds\u00e4tzlich ver\u00f6ffentlicht und ist f\u00fcr andere Nutzer dieser Webseite ersichtlich.<\/p><p><strong>4) Rechtsgrundlagen der Datenbearbeitung<\/strong><\/p><p>Wir bearbeiten Ihre Personendaten basierend auf folgenden Rechtsgrundlagen:<\/p><ul><li>Ihre Einwilligung (z.B. Anmeldung f\u00fcr Newsletter, Kurse, Ferienangebote);<\/li><li>f\u00fcr die Erf\u00fcllung unserer Leistungen Ihnen gegen\u00fcber;<\/li><li>um einer gesetzlichen Verpflichtung nachzukommen;<\/li><li>zur Wahrung unserer berechtigten Interessen.<\/li><\/ul><p>Ihre Einwilligung k\u00f6nnen Sie jederzeit widerrufen mit einer E-Mail an <a href=\"javascript:__wpsk_HwfmtXVz('\\u003e\\u0032\\u003a\\u003d\\u0045\\u0040\\u0069\\u003a\\u003f\\u0037\\u0040\\u006f\\u0034\\u0036\\u0043\\u0036\\u0033\\u0043\\u0032\\u003d\\u005c\\u0047\\u0044\\u005d\\u0034\\u0039');\"><span class=\"__wpsk_eISixTCl\">hc&#x2e;sv-larberec&#064;ofni<\/span><\/a>.<\/p><p><strong>5) Empf\u00e4nger von Personendaten<\/strong><\/p><p>Die Association Cerebral Valais ergreift die notwendigen Massnahmen, um sicherzustellen, dass nur unser berechtigtes Personal und unsere Hilfspersonen, die \u00fcber die notwendigen Kenntnisse verf\u00fcgen, Zugang zu Ihren personenbezogenen Daten haben, um die Zwecke zu erf\u00fcllen, f\u00fcr die die Daten erhoben wurden.<\/p><p>Wir k\u00f6nnen Ihre personenbezogenen Daten im Rahmen des anwendbaren Datenschutzgesetzes zudem an die folgenden Kategorien von Empf\u00e4ngern weitergeben, soweit dies f\u00fcr die vorgesehene Datenbearbeitung notwendig ist:<\/p><ul><li>Experten und andere Dienstleister,<\/li><li>Dienstleistungserbringer, welche die Personendaten im Auftrag und auf Anweisung von der Association Cerebral Valais bearbeiten (z.B. im Bereich IT Hosting und Support),<\/li><li>Dienstleister und sonstige Gesch\u00e4ftspartner und Hilfspersonen (z.B. Beratungspersonen, Kurs- und Reiseleitungen, Assistenzpersonen, Reiseveranstalter, Transportunternehmen, Versicherungen, Anw\u00e4lte),<\/li><li>Beh\u00f6rden, Amtsstellen, Gerichte oder andere staatliche Institutionen,<\/li><li>andere Parteien in m\u00f6glichen oder tats\u00e4chlichen Gerichtsverfahren,<\/li><\/ul><p>Wir w\u00e4hlen unsere Partner und Auftragsbearbeiter sorgf\u00e4ltig aus. Unsere Auftragsbearbeiter d\u00fcrfen Personendaten nur auf dokumentierte Anweisung von uns bearbeiten. Sie alle unterliegen Vertraulichkeitserfordernissen und d\u00fcrfen Ihre Personendaten nur insoweit verwenden, als dies zur Erf\u00fcllung des Zwecks, f\u00fcr den Ihre Personendaten erhoben wurden, erforderlich ist, sofern nicht gesetzlich etwas anderes vorgeschrieben ist.<\/p><p><strong style=\"font-family: 'Kumbh Sans', sans-serif; font-size: 17px; font-style: normal; background-color: var(--theme-color-bg_color); color: var(--theme-color-text); letter-spacing: 0.1px;\">6) \u00dcbermittlung von Personendaten ins Ausland<\/strong><\/p><p>Wir \u00fcbermitteln keine Personendaten ins Ausland. Vorbehalten bleiben die Daten, die die oben gelisteten Dienstleister (z.B. Google Analytics) direkt selbst erheben oder Daten, die zur Erbringung einer Dienstleistung n\u00f6tig sind (z.B. Angaben zum Assistenzbedarf und Hilfsmittel an ausl\u00e4ndische Airlines, Hotels, Reiseveranstalter).<\/p><p><strong style=\"font-family: 'Kumbh Sans', sans-serif; font-size: 17px; font-style: normal; background-color: var(--theme-color-bg_color); color: var(--theme-color-text); letter-spacing: 0.1px;\">7) Dauer der Aufbewahrung<\/strong><\/p><p>Personendaten werden grunds\u00e4tzlich so lange aufbewahrt wie dies f\u00fcr die Erreichung des Zwecks, f\u00fcr den sie erhoben wurden, erforderlich ist. L\u00e4nger aufbewahrt werden Daten, wenn dies gesetzlich vorgeschrieben ist (z.B. Aufbewahrungs- und Dokumentationspflichten) oder wenn vertragliche oder vorvertragliche Pflichten oder berechtigte \u00fcberwiegende Interessen dies erforderlich machen.<\/p><p>In der Regel gilt: Die bei der Nutzung unserer Webseiten automatisch \u00fcbermittelten Daten werden innerhalb von 10 Jahren gel\u00f6scht.<\/p><p><strong>\u00a08<\/strong><strong style=\"font-family: 'Kumbh Sans', sans-serif; font-size: 17px; font-style: normal; background-color: var(--theme-color-bg_color); color: var(--theme-color-text); letter-spacing: 0.1px;\">) Sicherheit und Webseiten von Drittanbietern<\/strong><\/p><p>Die Association Cerebral Valais sch\u00fctzt Ihre Daten mit organisatorischen und technischen Massnahmen gegen unberechtigte Bearbeitung, unbeabsichtigten Verlust, Ver\u00e4nderung, Bekanntmachung oder Zugriff.<\/p><p>Setzt die Association Cerebral Valais Dritte als Datenverarbeiter ein, so d\u00fcrfen diese die Daten nur gem\u00e4ss Instruktion von der Association Cerebral Valais bearbeiten. Sie sind zudem gesetzlich verpflichtet, strenge Sicherheitsvorkehrungen zu treffen.<\/p><p>Auch bei der \u00dcbertragung Ihrer Daten \u00fcbers Internet tun wir unser M\u00f6glichstes, um diese zu sch\u00fctzen. Leider k\u00f6nnen wir die Sicherheit, der an unsere Webseite oder per E-Mail \u00fcbermittelten Daten nicht garantieren und jede \u00dcbertragung erfolgt auf eigenes Risiko. Sie k\u00f6nnen Ihre Daten deshalb auch jederzeit auf anderem Weg an uns \u00fcbermitteln.<\/p><p>Wenn Sie auf den Link eines Drittanbieters klicken, werden Sie zu einer anderen Webseite weitergeleitet, die wir nicht kontrollieren. Bitte beachten Sie, dass unsere Datenschutzerkl\u00e4rung dann nicht mehr anwendbar ist. Wir empfehlen Ihnen, die Datenschutzerkl\u00e4rungen und Hinweise der anderen Webseiten sorgf\u00e4ltig zu lesen, bevor Sie Personendaten \u00fcbermitteln.<\/p><p><strong style=\"font-family: 'Kumbh Sans', sans-serif; font-size: 17px; font-style: normal; background-color: var(--theme-color-bg_color); color: var(--theme-color-text); letter-spacing: 0.1px;\">9) Ihre Rechte<\/strong><\/p><p>Sie haben das Recht, jederzeit Auskunft \u00fcber die Sie betreffenden Personendaten zu erhalten, diese zu berichtigen, zu erg\u00e4nzen, der Bearbeitung Ihrer Personendaten zu widersprechen oder die L\u00f6schung Ihrer Personendaten zu verlangen. Wenden Sie sich hierzu bitte per E-Mail an <a href=\"javascript:__wpsk_HwfmtXVz('\\u003e\\u0032\\u003a\\u003d\\u0045\\u0040\\u0069\\u003a\\u003f\\u0037\\u0040\\u006f\\u0034\\u0036\\u0043\\u0036\\u0033\\u0043\\u0032\\u003d\\u005c\\u0047\\u0044\\u005d\\u0034\\u0039');\"><span class=\"__wpsk_eISixTCl\">hc&#x2e;sv-larberec&#064;ofni<\/span><\/a>.<\/p><p>Wir kommen Ihren Anliegen im Rahmen der gesetzlichen Vorgaben gerne nach.<\/p><p>Die L\u00f6schung Ihrer Personendaten kann aber dazu f\u00fchren, dass Sie unsere Dienste nicht mehr nutzen k\u00f6nnen.<\/p><p><strong style=\"font-family: 'Kumbh Sans', sans-serif; font-size: 17px; font-style: normal; background-color: var(--theme-color-bg_color); color: var(--theme-color-text); letter-spacing: 0.1px;\">10) \u00c4nderung der Datenschutzerkl\u00e4rung<\/strong><\/p><p>Die Association Cerebral Valais beh\u00e4lt sich das Recht vor, diese Datenschutzerkl\u00e4rung jederzeit und ohne Angabe von Gr\u00fcnden anzupassen, zu erg\u00e4nzen oder in sonstiger Weise zu \u00e4ndern. Es gilt die jeweils aktuelle Datenschutzerkl\u00e4rung auf der Webseite.<\/p>\t\t\t\t\t\t\t\t<\/div>\n\t\t\t\t<\/div>\n\t\t\t\t\t<\/div>\n\t\t<\/div>\n\t\t\t\t\t<\/div>\n\t\t<\/section>\n\t\t\t\t<\/div>\n\t\t","protected":false},"excerpt":{"rendered":"<p>Datenschutzerkl\u00e4rung Der Schutz Ihrer Daten ist uns wichtig. Wir bearbeiten Daten in \u00dcbereinstimmung mit dem&hellip;<\/p>\n","protected":false},"author":1,"featured_media":0,"parent":0,"menu_order":0,"comment_status":"closed","ping_status":"closed","template":"","meta":{"inline_featured_image":false,"footnotes":""},"class_list":["post-37229","page","type-page","status-publish","hentry"],"yoast_head":"<!-- This site is optimized with the Yoast SEO plugin v27.5 - https:\/\/yoast.com\/product\/yoast-seo-wordpress\/ -->\n<title>Datenschutzerkl\u00e4rung - Cerebral Valais<\/title>\n<meta name=\"robots\" content=\"index, follow, max-snippet:-1, max-image-preview:large, max-video-preview:-1\" \/>\n<link rel=\"canonical\" href=\"https:\/\/cerebral-vs.ch\/de\/datenschutzerklarung\/\" \/>\n<meta property=\"og:locale\" content=\"de_DE\" \/>\n<meta property=\"og:type\" content=\"article\" \/>\n<meta property=\"og:title\" content=\"Datenschutzerkl\u00e4rung - Cerebral Valais\" \/>\n<meta property=\"og:description\" content=\"Datenschutzerkl\u00e4rung Der Schutz Ihrer Daten ist uns wichtig. Wir bearbeiten Daten in \u00dcbereinstimmung mit dem&hellip;\" \/>\n<meta property=\"og:url\" content=\"https:\/\/cerebral-vs.ch\/de\/datenschutzerklarung\/\" \/>\n<meta property=\"og:site_name\" content=\"Cerebral Valais\" \/>\n<meta property=\"article:publisher\" content=\"https:\/\/fr-fr.facebook.com\/cerebralvalais\/\" \/>\n<meta property=\"article:modified_time\" content=\"2023-11-30T12:42:06+00:00\" \/>\n<meta name=\"twitter:card\" content=\"summary_large_image\" \/>\n<meta name=\"twitter:label1\" content=\"Gesch\u00e4tzte Lesezeit\" \/>\n\t<meta name=\"twitter:data1\" content=\"6\u00a0Minuten\" \/>\n<script type=\"application\/ld+json\" class=\"yoast-schema-graph\">{\"@context\":\"https:\\\/\\\/schema.org\",\"@graph\":[{\"@type\":\"WebPage\",\"@id\":\"https:\\\/\\\/cerebral-vs.ch\\\/de\\\/datenschutzerklarung\\\/\",\"url\":\"https:\\\/\\\/cerebral-vs.ch\\\/de\\\/datenschutzerklarung\\\/\",\"name\":\"Datenschutzerkl\u00e4rung - Cerebral Valais\",\"isPartOf\":{\"@id\":\"https:\\\/\\\/fk2kn2bvmtl.preview.infomaniak.website\\\/#website\"},\"datePublished\":\"2023-11-29T16:53:20+00:00\",\"dateModified\":\"2023-11-30T12:42:06+00:00\",\"breadcrumb\":{\"@id\":\"https:\\\/\\\/cerebral-vs.ch\\\/de\\\/datenschutzerklarung\\\/#breadcrumb\"},\"inLanguage\":\"de\",\"potentialAction\":[{\"@type\":\"ReadAction\",\"target\":[\"https:\\\/\\\/cerebral-vs.ch\\\/de\\\/datenschutzerklarung\\\/\"]}]},{\"@type\":\"BreadcrumbList\",\"@id\":\"https:\\\/\\\/cerebral-vs.ch\\\/de\\\/datenschutzerklarung\\\/#breadcrumb\",\"itemListElement\":[{\"@type\":\"ListItem\",\"position\":1,\"name\":\"Accueil\",\"item\":\"https:\\\/\\\/cerebral-vs.ch\\\/de\\\/\"},{\"@type\":\"ListItem\",\"position\":2,\"name\":\"Datenschutzerkl\u00e4rung\"}]},{\"@type\":\"WebSite\",\"@id\":\"https:\\\/\\\/fk2kn2bvmtl.preview.infomaniak.website\\\/#website\",\"url\":\"https:\\\/\\\/fk2kn2bvmtl.preview.infomaniak.website\\\/\",\"name\":\"Cerebral Valais - Association Cerebral Valais\\\/Wallis\",\"description\":\"Cerebral Valais est une association de parents d&#039;enfants IMC qui \u0153uvre \u00e0 la d\u00e9fense de leurs int\u00e9r\u00eats, ainsi qu&#039;\u00e0 une meilleure compr\u00e9hension des diff\u00e9rences, afin que leurs enfants puissent obtenir, malgr\u00e9 leur situation de handicap, une place \u00e0 part enti\u00e8re dans la soci\u00e9t\u00e9.\",\"publisher\":{\"@id\":\"https:\\\/\\\/fk2kn2bvmtl.preview.infomaniak.website\\\/#organization\"},\"potentialAction\":[{\"@type\":\"SearchAction\",\"target\":{\"@type\":\"EntryPoint\",\"urlTemplate\":\"https:\\\/\\\/fk2kn2bvmtl.preview.infomaniak.website\\\/?s={search_term_string}\"},\"query-input\":{\"@type\":\"PropertyValueSpecification\",\"valueRequired\":true,\"valueName\":\"search_term_string\"}}],\"inLanguage\":\"de\"},{\"@type\":\"Organization\",\"@id\":\"https:\\\/\\\/fk2kn2bvmtl.preview.infomaniak.website\\\/#organization\",\"name\":\"Cerebral Valais - Association Cerebral Valais\\\/Wallis\",\"url\":\"https:\\\/\\\/fk2kn2bvmtl.preview.infomaniak.website\\\/\",\"logo\":{\"@type\":\"ImageObject\",\"inLanguage\":\"de\",\"@id\":\"https:\\\/\\\/fk2kn2bvmtl.preview.infomaniak.website\\\/#\\\/schema\\\/logo\\\/image\\\/\",\"url\":\"https:\\\/\\\/cerebral-vs.ch\\\/wp-content\\\/uploads\\\/2022\\\/09\\\/logo_cerebral_minimal.png\",\"contentUrl\":\"https:\\\/\\\/cerebral-vs.ch\\\/wp-content\\\/uploads\\\/2022\\\/09\\\/logo_cerebral_minimal.png\",\"width\":158,\"height\":95,\"caption\":\"Cerebral Valais - Association Cerebral Valais\\\/Wallis\"},\"image\":{\"@id\":\"https:\\\/\\\/fk2kn2bvmtl.preview.infomaniak.website\\\/#\\\/schema\\\/logo\\\/image\\\/\"},\"sameAs\":[\"https:\\\/\\\/fr-fr.facebook.com\\\/cerebralvalais\\\/\"]}]}<\/script>\n<!-- \/ Yoast SEO plugin. -->","yoast_head_json":{"title":"Datenschutzerkl\u00e4rung - Cerebral Valais","robots":{"index":"index","follow":"follow","max-snippet":"max-snippet:-1","max-image-preview":"max-image-preview:large","max-video-preview":"max-video-preview:-1"},"canonical":"https:\/\/cerebral-vs.ch\/de\/datenschutzerklarung\/","og_locale":"de_DE","og_type":"article","og_title":"Datenschutzerkl\u00e4rung - Cerebral Valais","og_description":"Datenschutzerkl\u00e4rung Der Schutz Ihrer Daten ist uns wichtig. Wir bearbeiten Daten in \u00dcbereinstimmung mit dem&hellip;","og_url":"https:\/\/cerebral-vs.ch\/de\/datenschutzerklarung\/","og_site_name":"Cerebral Valais","article_publisher":"https:\/\/fr-fr.facebook.com\/cerebralvalais\/","article_modified_time":"2023-11-30T12:42:06+00:00","twitter_card":"summary_large_image","twitter_misc":{"Gesch\u00e4tzte Lesezeit":"6\u00a0Minuten"},"schema":{"@context":"https:\/\/schema.org","@graph":[{"@type":"WebPage","@id":"https:\/\/cerebral-vs.ch\/de\/datenschutzerklarung\/","url":"https:\/\/cerebral-vs.ch\/de\/datenschutzerklarung\/","name":"Datenschutzerkl\u00e4rung - Cerebral Valais","isPartOf":{"@id":"https:\/\/fk2kn2bvmtl.preview.infomaniak.website\/#website"},"datePublished":"2023-11-29T16:53:20+00:00","dateModified":"2023-11-30T12:42:06+00:00","breadcrumb":{"@id":"https:\/\/cerebral-vs.ch\/de\/datenschutzerklarung\/#breadcrumb"},"inLanguage":"de","potentialAction":[{"@type":"ReadAction","target":["https:\/\/cerebral-vs.ch\/de\/datenschutzerklarung\/"]}]},{"@type":"BreadcrumbList","@id":"https:\/\/cerebral-vs.ch\/de\/datenschutzerklarung\/#breadcrumb","itemListElement":[{"@type":"ListItem","position":1,"name":"Accueil","item":"https:\/\/cerebral-vs.ch\/de\/"},{"@type":"ListItem","position":2,"name":"Datenschutzerkl\u00e4rung"}]},{"@type":"WebSite","@id":"https:\/\/fk2kn2bvmtl.preview.infomaniak.website\/#website","url":"https:\/\/fk2kn2bvmtl.preview.infomaniak.website\/","name":"Cerebral Valais - Association Cerebral Valais\/Wallis","description":"Cerebral Valais est une association de parents d&#039;enfants IMC qui \u0153uvre \u00e0 la d\u00e9fense de leurs int\u00e9r\u00eats, ainsi qu&#039;\u00e0 une meilleure compr\u00e9hension des diff\u00e9rences, afin que leurs enfants puissent obtenir, malgr\u00e9 leur situation de handicap, une place \u00e0 part enti\u00e8re dans la soci\u00e9t\u00e9.","publisher":{"@id":"https:\/\/fk2kn2bvmtl.preview.infomaniak.website\/#organization"},"potentialAction":[{"@type":"SearchAction","target":{"@type":"EntryPoint","urlTemplate":"https:\/\/fk2kn2bvmtl.preview.infomaniak.website\/?s={search_term_string}"},"query-input":{"@type":"PropertyValueSpecification","valueRequired":true,"valueName":"search_term_string"}}],"inLanguage":"de"},{"@type":"Organization","@id":"https:\/\/fk2kn2bvmtl.preview.infomaniak.website\/#organization","name":"Cerebral Valais - Association Cerebral Valais\/Wallis","url":"https:\/\/fk2kn2bvmtl.preview.infomaniak.website\/","logo":{"@type":"ImageObject","inLanguage":"de","@id":"https:\/\/fk2kn2bvmtl.preview.infomaniak.website\/#\/schema\/logo\/image\/","url":"https:\/\/cerebral-vs.ch\/wp-content\/uploads\/2022\/09\/logo_cerebral_minimal.png","contentUrl":"https:\/\/cerebral-vs.ch\/wp-content\/uploads\/2022\/09\/logo_cerebral_minimal.png","width":158,"height":95,"caption":"Cerebral Valais - Association Cerebral Valais\/Wallis"},"image":{"@id":"https:\/\/fk2kn2bvmtl.preview.infomaniak.website\/#\/schema\/logo\/image\/"},"sameAs":["https:\/\/fr-fr.facebook.com\/cerebralvalais\/"]}]}},"_links":{"self":[{"href":"https:\/\/cerebral-vs.ch\/de\/wp-json\/wp\/v2\/pages\/37229","targetHints":{"allow":["GET"]}}],"collection":[{"href":"https:\/\/cerebral-vs.ch\/de\/wp-json\/wp\/v2\/pages"}],"about":[{"href":"https:\/\/cerebral-vs.ch\/de\/wp-json\/wp\/v2\/types\/page"}],"author":[{"embeddable":true,"href":"https:\/\/cerebral-vs.ch\/de\/wp-json\/wp\/v2\/users\/1"}],"replies":[{"embeddable":true,"href":"https:\/\/cerebral-vs.ch\/de\/wp-json\/wp\/v2\/comments?post=37229"}],"version-history":[{"count":13,"href":"https:\/\/cerebral-vs.ch\/de\/wp-json\/wp\/v2\/pages\/37229\/revisions"}],"predecessor-version":[{"id":37261,"href":"https:\/\/cerebral-vs.ch\/de\/wp-json\/wp\/v2\/pages\/37229\/revisions\/37261"}],"wp:attachment":[{"href":"https:\/\/cerebral-vs.ch\/de\/wp-json\/wp\/v2\/media?parent=37229"}],"curies":[{"name":"wp","href":"https:\/\/api.w.org\/{rel}","templated":true}]}}